{"id":21299,"date":"2026-04-01T21:03:58","date_gmt":"2026-04-01T19:03:58","guid":{"rendered":"https:\/\/conexbooks.de\/a\/shop\/?post_type=product&#038;p=21299"},"modified":"2026-04-10T11:49:55","modified_gmt":"2026-04-10T09:49:55","slug":"beenden-wir-den-krieg-in-der-sprache","status":"publish","type":"product","link":"https:\/\/conexbooks.de\/a\/shop\/produkt\/beenden-wir-den-krieg-in-der-sprache\/","title":{"rendered":"Beenden wir den Krieg in der Sprache!"},"content":{"rendered":"<h3>Beenden wir den Krieg in der Sprache!<\/h3>\n<h3>Die Kraft der Gedanken und Worte weise nutzen.<\/h3>\n<h4>von Saskia Baisch-Zimmer<\/h4>\n<p>Unsere Sprache ist voller Krieg \u2013 oft ohne, dass wir es merken.<\/p>\n<p>Wir sprechen von Bombenstimmung, f\u00fchren Papierkriege und schmieden Schlachtpl\u00e4ne. Viele dieser Redewendungen stammen aus Zeiten des Kampfes und sie wirken bis heute in unserem Denken fort. Denn Worte sind mehr als Schall und Rauch: Sie formen Bewusstsein, Gef\u00fchle und Handlungen. Wer st\u00e4ndig \u201ek\u00e4mpft\u201c, h\u00e4lt unbewusst den inneren Frieden auf Abstand.<\/p>\n<p>Dieses Buch macht sichtbar, wie tief Kriegsvokabular in der deutschen Alltagssprache verwurzelt ist. Durch bewusste, friedvolle Ausdrucksweisen k\u00f6nnen wir Heilung, Klarheit und Mitgef\u00fchl f\u00f6rdern. Ein inspirierender Wegweiser zu einem achtsameren Miteinander \u2013 beginnend bei den eigenen Worten.<\/p>\n<h3>Rezensionen<\/h3>\n<blockquote><p><em>Das Buch l\u00e4sst sich gut und schnell lesen. Besonders erschreckend \u2013 und zugleich augen\u00f6ffnend \u2013 ist, wie selbstverst\u00e4ndlich wir im Alltag kriegerisches Vokabular verwenden. Die vorgestellten positiven und einfachen Umformulierungen wirken wohltuend und geben einem ein gutes Gef\u00fchl. Die vielen konkreten Anregungen, wie man Sprache freundlicher und wertsch\u00e4tzender gestalten kann, sind praxisnah und inspirierend.<\/em><br \/>\n<em>Ich arbeite als Puppenspielerin\/ Zauberin und Erzieherin im Kindertagesst\u00e4tten- und Hortbereich und achte schon beruflich sehr bewusst auf meine Wortwahl. Meine Arbeit erf\u00fcllt mich sehr, und dieses Buch best\u00e4rkt mich darin, wie wichtig Sprache f\u00fcr ein gutes Miteinander ist. Es best\u00e4tigt meinen eigenen Ansatz und erweitert ihn zugleich um neue Impulse.<\/em><br \/>\n<em>Ich habe das Buch bereits in einer fr\u00fcheren Version bei einem anderen Verlag gelesen. Die jetzige \u00dcberarbeitung empfinde ich als deutlich gelungen und stimmiger, insbesondere durch die st\u00e4rkere Ausrichtung auf positive Beispiele.<\/em><br \/>\n<em>Ich kann dieses Buch sehr gut P\u00e4dagoginnen und P\u00e4dagogen, aber auch allen Menschen empfehlen, die bewusster, freundlicher und friedlicher kommunizieren m\u00f6chten.<\/em><\/p><\/blockquote>\n<blockquote><p><small>\u00a0&#8211; Gabi Ziesch &#8211;<\/small><\/p><\/blockquote>\n<div id='1' class='widgets_on_page wop_tiny1  wop_small1  wop_medium1  wop_large1  wop_wide1'>\n\t\t\t<ul><li id=\"custom_html-4\" class=\"widget_text widget widget_custom_html\"><div class=\"textwidget custom-html-widget\"><div style=\"text-align:left;\">\r\n<button class = \"button\" style=\"height: 30px; font-size: 0.8em;\" name=\"zuruck\" type=\"button\" onclick=\"history.back()\">Zur\u00fcck zur \u00dcbersicht<\/button><\/div><\/div><\/li><\/ul><\/div><!-- widgets_on_page -->\n","protected":false},"excerpt":{"rendered":"<h3>Saskia Baisch-Zimmer<\/h3>\n<h3>Die Kraft der Gedanken und Worte weise nutzen.<\/h3>\n<p>Massel-Verlag, 1. Auflage 2025<br \/>\n84 Seiten, Soft-Cover, Format: 14 x 22 cm<\/p>\n","protected":false},"featured_media":0,"template":"","meta":[],"product_brand":[],"product_cat":[35,36,53,39],"product_tag":[291,639,637,640,285,635,638],"class_list":{"0":"post-21299","1":"product","2":"type-product","3":"status-publish","5":"product_cat-besonders","6":"product_cat-deutsche-buecher","7":"product_cat-neu","8":"product_cat-persoenliche-entwicklung","9":"product_tag-bewusstseinsbildung","10":"product_tag-innerer-frieden","11":"product_tag-krieg","12":"product_tag-kriegerisches-vokabular","13":"product_tag-praxisnah","14":"product_tag-sprache","15":"product_tag-umformulieren","17":"first","18":"instock","19":"shipping-taxable","20":"purchasable","21":"product-type-simple"},"yoast_head":"<!-- This site is optimized with the Yoast SEO plugin v27.5 - https:\/\/yoast.com\/product\/yoast-seo-wordpress\/ -->\n<title>Beenden wir den Krieg in der Sprache! - Conex-Shop<\/title>\n<meta name=\"robots\" content=\"index, follow, max-snippet:-1, max-image-preview:large, max-video-preview:-1\" \/>\n<link rel=\"canonical\" href=\"https:\/\/conexbooks.de\/a\/shop\/produkt\/beenden-wir-den-krieg-in-der-sprache\/\" \/>\n<meta property=\"og:locale\" content=\"de_DE\" \/>\n<meta property=\"og:type\" content=\"article\" \/>\n<meta property=\"og:title\" content=\"Beenden wir den Krieg in der Sprache! - Conex-Shop\" \/>\n<meta property=\"og:description\" content=\"Saskia Baisch-Zimmer Die Kraft der Gedanken und Worte weise nutzen. Massel-Verlag, 1. Auflage 2025 84 Seiten, Soft-Cover, Format: 14 x 22 cm\" \/>\n<meta property=\"og:url\" content=\"https:\/\/conexbooks.de\/a\/shop\/produkt\/beenden-wir-den-krieg-in-der-sprache\/\" \/>\n<meta property=\"og:site_name\" content=\"Conex-Shop\" \/>\n<meta property=\"article:modified_time\" content=\"2026-04-10T09:49:55+00:00\" \/>\n<meta property=\"og:image\" content=\"https:\/\/conexbooks.de\/a\/shop\/wp-content\/uploads\/2026\/04\/048.png\" \/>\n\t<meta property=\"og:image:width\" content=\"249\" \/>\n\t<meta property=\"og:image:height\" content=\"400\" \/>\n\t<meta property=\"og:image:type\" content=\"image\/png\" \/>\n<meta name=\"twitter:card\" content=\"summary_large_image\" \/>\n<meta name=\"twitter:label1\" content=\"Gesch\u00e4tzte Lesezeit\" \/>\n\t<meta name=\"twitter:data1\" content=\"1\u00a0Minute\" \/>\n<script type=\"application\/ld+json\" class=\"yoast-schema-graph\">{\"@context\":\"https:\\\/\\\/schema.org\",\"@graph\":[{\"@type\":\"WebPage\",\"@id\":\"https:\\\/\\\/conexbooks.de\\\/a\\\/shop\\\/produkt\\\/beenden-wir-den-krieg-in-der-sprache\\\/\",\"url\":\"https:\\\/\\\/conexbooks.de\\\/a\\\/shop\\\/produkt\\\/beenden-wir-den-krieg-in-der-sprache\\\/\",\"name\":\"Beenden wir den Krieg in der Sprache! - Conex-Shop\",\"isPartOf\":{\"@id\":\"https:\\\/\\\/conexbooks.de\\\/a\\\/shop\\\/#website\"},\"datePublished\":\"2026-04-01T19:03:58+00:00\",\"dateModified\":\"2026-04-10T09:49:55+00:00\",\"breadcrumb\":{\"@id\":\"https:\\\/\\\/conexbooks.de\\\/a\\\/shop\\\/produkt\\\/beenden-wir-den-krieg-in-der-sprache\\\/#breadcrumb\"},\"inLanguage\":\"de\",\"potentialAction\":[{\"@type\":\"ReadAction\",\"target\":[\"https:\\\/\\\/conexbooks.de\\\/a\\\/shop\\\/produkt\\\/beenden-wir-den-krieg-in-der-sprache\\\/\"]}]},{\"@type\":\"BreadcrumbList\",\"@id\":\"https:\\\/\\\/conexbooks.de\\\/a\\\/shop\\\/produkt\\\/beenden-wir-den-krieg-in-der-sprache\\\/#breadcrumb\",\"itemListElement\":[{\"@type\":\"ListItem\",\"position\":1,\"name\":\"Home\",\"item\":\"https:\\\/\\\/conexbooks.de\\\/a\\\/shop\\\/\"},{\"@type\":\"ListItem\",\"position\":2,\"name\":\"Shop\",\"item\":\"https:\\\/\\\/conexbooks.de\\\/a\\\/shop\\\/shop\\\/\"},{\"@type\":\"ListItem\",\"position\":3,\"name\":\"Beenden wir den Krieg in der Sprache!\"}]},{\"@type\":\"WebSite\",\"@id\":\"https:\\\/\\\/conexbooks.de\\\/a\\\/shop\\\/#website\",\"url\":\"https:\\\/\\\/conexbooks.de\\\/a\\\/shop\\\/\",\"name\":\"Conex-Shop\",\"description\":\"Alles f\u00fcr die gewaltfreie Kommunikation: B\u00fccher, Spiele. Handpuppen Seminarmaterial und Geschenke\",\"publisher\":{\"@id\":\"https:\\\/\\\/conexbooks.de\\\/a\\\/shop\\\/#organization\"},\"potentialAction\":[{\"@type\":\"SearchAction\",\"target\":{\"@type\":\"EntryPoint\",\"urlTemplate\":\"https:\\\/\\\/conexbooks.de\\\/a\\\/shop\\\/?s={search_term_string}\"},\"query-input\":{\"@type\":\"PropertyValueSpecification\",\"valueRequired\":true,\"valueName\":\"search_term_string\"}}],\"inLanguage\":\"de\"},{\"@type\":\"Organization\",\"@id\":\"https:\\\/\\\/conexbooks.de\\\/a\\\/shop\\\/#organization\",\"name\":\"Conex - books and more\",\"url\":\"https:\\\/\\\/conexbooks.de\\\/a\\\/shop\\\/\",\"logo\":{\"@type\":\"ImageObject\",\"inLanguage\":\"de\",\"@id\":\"https:\\\/\\\/conexbooks.de\\\/a\\\/shop\\\/#\\\/schema\\\/logo\\\/image\\\/\",\"url\":\"https:\\\/\\\/conexbooks.de\\\/a\\\/shop\\\/wp-content\\\/uploads\\\/2017\\\/12\\\/co-logo.png\",\"contentUrl\":\"https:\\\/\\\/conexbooks.de\\\/a\\\/shop\\\/wp-content\\\/uploads\\\/2017\\\/12\\\/co-logo.png\",\"width\":243,\"height\":122,\"caption\":\"Conex - books and more\"},\"image\":{\"@id\":\"https:\\\/\\\/conexbooks.de\\\/a\\\/shop\\\/#\\\/schema\\\/logo\\\/image\\\/\"}}]}<\/script>\n<!-- \/ Yoast SEO plugin. -->","yoast_head_json":{"title":"Beenden wir den Krieg in der Sprache! - Conex-Shop","robots":{"index":"index","follow":"follow","max-snippet":"max-snippet:-1","max-image-preview":"max-image-preview:large","max-video-preview":"max-video-preview:-1"},"canonical":"https:\/\/conexbooks.de\/a\/shop\/produkt\/beenden-wir-den-krieg-in-der-sprache\/","og_locale":"de_DE","og_type":"article","og_title":"Beenden wir den Krieg in der Sprache! - Conex-Shop","og_description":"Saskia Baisch-Zimmer Die Kraft der Gedanken und Worte weise nutzen. Massel-Verlag, 1. Auflage 2025 84 Seiten, Soft-Cover, Format: 14 x 22 cm","og_url":"https:\/\/conexbooks.de\/a\/shop\/produkt\/beenden-wir-den-krieg-in-der-sprache\/","og_site_name":"Conex-Shop","article_modified_time":"2026-04-10T09:49:55+00:00","og_image":[{"width":249,"height":400,"url":"https:\/\/conexbooks.de\/a\/shop\/wp-content\/uploads\/2026\/04\/048.png","type":"image\/png"}],"twitter_card":"summary_large_image","twitter_misc":{"Gesch\u00e4tzte Lesezeit":"1\u00a0Minute"},"schema":{"@context":"https:\/\/schema.org","@graph":[{"@type":"WebPage","@id":"https:\/\/conexbooks.de\/a\/shop\/produkt\/beenden-wir-den-krieg-in-der-sprache\/","url":"https:\/\/conexbooks.de\/a\/shop\/produkt\/beenden-wir-den-krieg-in-der-sprache\/","name":"Beenden wir den Krieg in der Sprache! - Conex-Shop","isPartOf":{"@id":"https:\/\/conexbooks.de\/a\/shop\/#website"},"datePublished":"2026-04-01T19:03:58+00:00","dateModified":"2026-04-10T09:49:55+00:00","breadcrumb":{"@id":"https:\/\/conexbooks.de\/a\/shop\/produkt\/beenden-wir-den-krieg-in-der-sprache\/#breadcrumb"},"inLanguage":"de","potentialAction":[{"@type":"ReadAction","target":["https:\/\/conexbooks.de\/a\/shop\/produkt\/beenden-wir-den-krieg-in-der-sprache\/"]}]},{"@type":"BreadcrumbList","@id":"https:\/\/conexbooks.de\/a\/shop\/produkt\/beenden-wir-den-krieg-in-der-sprache\/#breadcrumb","itemListElement":[{"@type":"ListItem","position":1,"name":"Home","item":"https:\/\/conexbooks.de\/a\/shop\/"},{"@type":"ListItem","position":2,"name":"Shop","item":"https:\/\/conexbooks.de\/a\/shop\/shop\/"},{"@type":"ListItem","position":3,"name":"Beenden wir den Krieg in der Sprache!"}]},{"@type":"WebSite","@id":"https:\/\/conexbooks.de\/a\/shop\/#website","url":"https:\/\/conexbooks.de\/a\/shop\/","name":"Conex-Shop","description":"Alles f\u00fcr die gewaltfreie Kommunikation: B\u00fccher, Spiele. Handpuppen Seminarmaterial und Geschenke","publisher":{"@id":"https:\/\/conexbooks.de\/a\/shop\/#organization"},"potentialAction":[{"@type":"SearchAction","target":{"@type":"EntryPoint","urlTemplate":"https:\/\/conexbooks.de\/a\/shop\/?s={search_term_string}"},"query-input":{"@type":"PropertyValueSpecification","valueRequired":true,"valueName":"search_term_string"}}],"inLanguage":"de"},{"@type":"Organization","@id":"https:\/\/conexbooks.de\/a\/shop\/#organization","name":"Conex - books and more","url":"https:\/\/conexbooks.de\/a\/shop\/","logo":{"@type":"ImageObject","inLanguage":"de","@id":"https:\/\/conexbooks.de\/a\/shop\/#\/schema\/logo\/image\/","url":"https:\/\/conexbooks.de\/a\/shop\/wp-content\/uploads\/2017\/12\/co-logo.png","contentUrl":"https:\/\/conexbooks.de\/a\/shop\/wp-content\/uploads\/2017\/12\/co-logo.png","width":243,"height":122,"caption":"Conex - books and more"},"image":{"@id":"https:\/\/conexbooks.de\/a\/shop\/#\/schema\/logo\/image\/"}}]}},"_links":{"self":[{"href":"https:\/\/conexbooks.de\/a\/shop\/wp-json\/wp\/v2\/product\/21299","targetHints":{"allow":["GET"]}}],"collection":[{"href":"https:\/\/conexbooks.de\/a\/shop\/wp-json\/wp\/v2\/product"}],"about":[{"href":"https:\/\/conexbooks.de\/a\/shop\/wp-json\/wp\/v2\/types\/product"}],"wp:attachment":[{"href":"https:\/\/conexbooks.de\/a\/shop\/wp-json\/wp\/v2\/media?parent=21299"}],"wp:term":[{"taxonomy":"product_brand","embeddable":true,"href":"https:\/\/conexbooks.de\/a\/shop\/wp-json\/wp\/v2\/product_brand?post=21299"},{"taxonomy":"product_cat","embeddable":true,"href":"https:\/\/conexbooks.de\/a\/shop\/wp-json\/wp\/v2\/product_cat?post=21299"},{"taxonomy":"product_tag","embeddable":true,"href":"https:\/\/conexbooks.de\/a\/shop\/wp-json\/wp\/v2\/product_tag?post=21299"}],"curies":[{"name":"wp","href":"https:\/\/api.w.org\/{rel}","templated":true}]}}